{"id":399,"date":"2021-11-27T05:37:52","date_gmt":"2021-11-27T04:37:52","guid":{"rendered":"https:\/\/visitar.zoodelpirineu.com\/?page_id=399"},"modified":"2025-05-15T15:43:40","modified_gmt":"2025-05-15T14:43:40","slug":"toca-toca-amb-animals-salvatges","status":"publish","type":"page","link":"https:\/\/visitar.zoodelpirineu.com\/ca\/activitats-amb-animals\/toca-toca-amb-animals-salvatges\/","title":{"rendered":"Toca toca amb animals salvatges"},"content":{"rendered":"<div class=\"aioseo-breadcrumbs\"><span class=\"aioseo-breadcrumb\">\n\t<a href=\"https:\/\/visitar.zoodelpirineu.com\/ca\/\" title=\"Home\">Home<\/a>\n<\/span><span class=\"aioseo-breadcrumb-separator\">&raquo;<\/span><span class=\"aioseo-breadcrumb\">\n\t<a href=\"https:\/\/visitar.zoodelpirineu.com\/ca\/activitats-amb-animals\/\" title=\"Activitats amb animals\">Activitats amb animals<\/a>\n<\/span><span class=\"aioseo-breadcrumb-separator\">&raquo;<\/span><span class=\"aioseo-breadcrumb\">\n\tToca toca amb animals salvatges\n<\/span><\/div>\n\n\n<div style=\"height:25px\" aria-hidden=\"true\" class=\"wp-block-spacer\"><\/div>\n\n\n\n<div class=\"wp-block-media-text alignwide is-stacked-on-mobile has-background\" style=\"background-color:#edf2fb\"><figure class=\"wp-block-media-text__media\"><video controls src=\"https:\/\/visitar.zoodelpirineu.com\/wp-content\/uploads\/2021\/11\/Toca-toca.mp4\"><\/video><\/figure><div class=\"wp-block-media-text__content\">\n<div style=\"height:10px\" aria-hidden=\"true\" class=\"wp-block-spacer\"><\/div>\n\n\n\n<p class=\"has-medium-font-size\"><br>Desperta els teus sentits i emocions. Tu mateix acariciar\u00e0s i alimentar\u00e0s animals salvatges durant el Toca toca.<\/p>\n\n\n\n<ul class=\"wp-block-list\">\n<li>Al Toca toca participen 9 animals.<\/li>\n\n\n\n<li>Alimentar\u00e0s animals salvatges i dom\u00e8stics.<\/li>\n\n\n\n<li>Acariciar\u00e0s ocells, mam\u00edfers i tortugues.<\/li>\n\n\n\n<li>Portar\u00e0s a la m\u00e0 un falc\u00f3.<\/li>\n\n\n\n<li>Aprendr\u00e0s moltes coses interessants sobre els animals salvatges.<\/li>\n<\/ul>\n\n\n\n<p>Els nostres especialistes, amb una gran experi\u00e8ncia basada en molts anys de treball i conviv\u00e8ncia amb la fauna salvatge, t\u2019acompanyaran i et guiaran. Et revelaran alguns dels secrets de la natura.<\/p>\n\n\n\n<p>Perqu\u00e8 tinguis una experi\u00e8ncia genial, al Toca toca hi ha un nombre limitat i redu\u00eft de participants. No et perdis l\u2019oportunitat de poder gaudir d\u2019aquesta trobada \u00fanica amb els animals!<\/p>\n\n\n\n<p>L\u2019activitat Toca toca \u00e9s recomanable per a totes les edats.<\/p>\n\n\n\n<div style=\"height:10px\" aria-hidden=\"true\" class=\"wp-block-spacer\"><\/div>\n\n\n\n<p><em>V\u00eddeo: Funcionament del Toca toca abans d\u2019aplicar les mesures de seguretat per la COVID-19.<\/em><\/p>\n<\/div><\/div>\n\n\n\n<div style=\"height:50px\" aria-hidden=\"true\" class=\"wp-block-spacer\"><\/div>\n\n\n\n<div class=\"wp-block-cover\"><span aria-hidden=\"true\" class=\"wp-block-cover__background has-base-background-color has-background-dim-100 has-background-dim\"><\/span><div class=\"wp-block-cover__inner-container is-layout-flow wp-block-cover-is-layout-flow\">\n<h2 class=\"has-contrast-color has-text-color wp-block-heading\" id=\"contingut\">Contingut<\/h2>\n\n\n\n<ol class=\"wp-block-list\">\n<li><a href=\"#animals\" title=\"Animals que participern en el Toca toca\">Animals que participen al Toca toca<\/a><\/li>\n\n\n\n<li><a href=\"#recomanacions\" title=\"Recomanacions\">Recomanacions<\/a>\n<ul class=\"wp-block-list\">\n<li><a href=\"#primera-vegada\" title=\"Vens per primera vegada?\">Vens per primera vegada?<\/a><\/li>\n\n\n\n<li><a href=\"#privada\" title=\"Busques una experi\u00e8ncia privada 100% adaptada a tu?\">Busques una experi\u00e8ncia privada al 100% adaptada a tu?<\/a><\/li>\n<\/ul>\n<\/li>\n\n\n\n<li><a href=\"#planificacio\">Planificaci\u00f3<\/a>\n<ul class=\"wp-block-list\">\n<li><a href=\"#calendari\" title=\"Calendari\">Calendari<\/a><\/li>\n\n\n\n<li><a href=\"#horari\" title=\"Horari\">Horari<\/a><\/li>\n\n\n\n<li><a href=\"#preu\" title=\"Preu\">Preu<\/a><\/li>\n<\/ul>\n<\/li>\n\n\n\n<li><a href=\"#edat\" title=\"Edat per participar en el Toca toca\">Edat per participar al Toca toca<\/a>\n<ul class=\"wp-block-list\">\n<li><a href=\"#adults\" title=\"Adults\">Adults<\/a><\/li>\n\n\n\n<li><a href=\"#infants\" title=\"Fam\u00edlies amb infants menors de 3 anys\">Fam\u00edlies amb infants menors de 3 anys<\/a><\/li>\n\n\n\n<li><a href=\"#3-anys\" title=\"Fam\u00edlies amb nens i nenes m\u00e9s gran\">Fam\u00edlies amb nens i nenes m\u00e9s gran<\/a><\/li>\n<\/ul>\n<\/li>\n<\/ol>\n<\/div><\/div>\n\n\n\n<div style=\"height:50px\" aria-hidden=\"true\" class=\"wp-block-spacer\"><\/div>\n\n\n\n<h2 class=\"wp-block-heading\" id=\"animals\">Animals que coneixer\u00e0s durant el Toca toca<\/h2>\n\n\n\n<div class=\"wp-block-columns is-layout-flex wp-container-core-columns-is-layout-9d6595d7 wp-block-columns-is-layout-flex\">\n<div class=\"wp-block-column is-layout-flow wp-block-column-is-layout-flow\">\n<figure class=\"wp-block-image size-full\"><img loading=\"lazy\" decoding=\"async\" width=\"400\" height=\"300\" src=\"https:\/\/visitar.zoodelpirineu.com\/wp-content\/uploads\/2021\/11\/Anec-collverd.png\" alt=\"Animals del Toca toca\" class=\"wp-image-500\" srcset=\"https:\/\/visitar.zoodelpirineu.com\/wp-content\/uploads\/2021\/11\/Anec-collverd.png 400w, https:\/\/visitar.zoodelpirineu.com\/wp-content\/uploads\/2021\/11\/Anec-collverd-300x225.png 300w\" sizes=\"auto, (max-width: 400px) 100vw, 400px\" \/><figcaption class=\"wp-element-caption\">\u00c0nec collverd<\/figcaption><\/figure>\n<\/div>\n\n\n\n<div class=\"wp-block-column is-layout-flow wp-block-column-is-layout-flow\">\n<figure class=\"wp-block-image size-full\"><img loading=\"lazy\" decoding=\"async\" width=\"400\" height=\"300\" src=\"https:\/\/visitar.zoodelpirineu.com\/wp-content\/uploads\/2021\/11\/Elanus-caeruleus.jpg\" alt=\"\" class=\"wp-image-503\" srcset=\"https:\/\/visitar.zoodelpirineu.com\/wp-content\/uploads\/2021\/11\/Elanus-caeruleus.jpg 400w, https:\/\/visitar.zoodelpirineu.com\/wp-content\/uploads\/2021\/11\/Elanus-caeruleus-300x225.jpg 300w\" sizes=\"auto, (max-width: 400px) 100vw, 400px\" \/><figcaption class=\"wp-element-caption\">Esparver d&#8217;espatlles negres<\/figcaption><\/figure>\n<\/div>\n\n\n\n<div class=\"wp-block-column is-layout-flow wp-block-column-is-layout-flow\">\n<figure class=\"wp-block-image size-full\"><img loading=\"lazy\" decoding=\"async\" width=\"400\" height=\"300\" src=\"https:\/\/visitar.zoodelpirineu.com\/wp-content\/uploads\/2021\/11\/Conill-de-bosc.png\" alt=\"\" class=\"wp-image-506\" srcset=\"https:\/\/visitar.zoodelpirineu.com\/wp-content\/uploads\/2021\/11\/Conill-de-bosc.png 400w, https:\/\/visitar.zoodelpirineu.com\/wp-content\/uploads\/2021\/11\/Conill-de-bosc-300x225.png 300w\" sizes=\"auto, (max-width: 400px) 100vw, 400px\" \/><figcaption class=\"wp-element-caption\">Conill<\/figcaption><\/figure>\n<\/div>\n\n\n\n<div class=\"wp-block-column is-layout-flow wp-block-column-is-layout-flow\">\n<figure class=\"wp-block-image size-full\"><img loading=\"lazy\" decoding=\"async\" width=\"400\" height=\"300\" src=\"https:\/\/visitar.zoodelpirineu.com\/wp-content\/uploads\/2021\/11\/Gallina-flor-dametller.jpg\" alt=\"\" class=\"wp-image-512\" srcset=\"https:\/\/visitar.zoodelpirineu.com\/wp-content\/uploads\/2021\/11\/Gallina-flor-dametller.jpg 400w, https:\/\/visitar.zoodelpirineu.com\/wp-content\/uploads\/2021\/11\/Gallina-flor-dametller-300x225.jpg 300w\" sizes=\"auto, (max-width: 400px) 100vw, 400px\" \/><figcaption class=\"wp-element-caption\">Gallina flor d&#8217;ametller<\/figcaption><\/figure>\n<\/div>\n\n\n\n<div class=\"wp-block-column is-layout-flow wp-block-column-is-layout-flow\">\n<figure class=\"wp-block-image size-full\"><img loading=\"lazy\" decoding=\"async\" width=\"400\" height=\"300\" src=\"https:\/\/visitar.zoodelpirineu.com\/wp-content\/uploads\/2021\/11\/Falco-pelegri.png\" alt=\"\" class=\"wp-image-509\" srcset=\"https:\/\/visitar.zoodelpirineu.com\/wp-content\/uploads\/2021\/11\/Falco-pelegri.png 400w, https:\/\/visitar.zoodelpirineu.com\/wp-content\/uploads\/2021\/11\/Falco-pelegri-300x225.png 300w\" sizes=\"auto, (max-width: 400px) 100vw, 400px\" \/><figcaption class=\"wp-element-caption\">Falc\u00f3 pelegr\u00ed<\/figcaption><\/figure>\n<\/div>\n<\/div>\n\n\n\n<div class=\"wp-block-columns is-layout-flex wp-container-core-columns-is-layout-9d6595d7 wp-block-columns-is-layout-flex\">\n<div class=\"wp-block-column is-layout-flow wp-block-column-is-layout-flow\">\n<figure class=\"wp-block-image size-full\"><img loading=\"lazy\" decoding=\"async\" width=\"400\" height=\"300\" src=\"https:\/\/visitar.zoodelpirineu.com\/wp-content\/uploads\/2021\/11\/Garsa.png\" alt=\"\" class=\"wp-image-515\" srcset=\"https:\/\/visitar.zoodelpirineu.com\/wp-content\/uploads\/2021\/11\/Garsa.png 400w, https:\/\/visitar.zoodelpirineu.com\/wp-content\/uploads\/2021\/11\/Garsa-300x225.png 300w\" sizes=\"auto, (max-width: 400px) 100vw, 400px\" \/><figcaption class=\"wp-element-caption\">Garsa<\/figcaption><\/figure>\n<\/div>\n\n\n\n<div class=\"wp-block-column is-layout-flow wp-block-column-is-layout-flow\">\n<figure class=\"wp-block-image size-full\"><img loading=\"lazy\" decoding=\"async\" width=\"400\" height=\"300\" src=\"https:\/\/visitar.zoodelpirineu.com\/wp-content\/uploads\/2021\/11\/Oliba.jpg\" alt=\"Mussols en toca-toca\" class=\"wp-image-518\" srcset=\"https:\/\/visitar.zoodelpirineu.com\/wp-content\/uploads\/2021\/11\/Oliba.jpg 400w, https:\/\/visitar.zoodelpirineu.com\/wp-content\/uploads\/2021\/11\/Oliba-300x225.jpg 300w\" sizes=\"auto, (max-width: 400px) 100vw, 400px\" \/><figcaption class=\"wp-element-caption\">\u00d2liba<\/figcaption><\/figure>\n<\/div>\n\n\n\n<div class=\"wp-block-column is-layout-flow wp-block-column-is-layout-flow\">\n<figure class=\"wp-block-image size-full\"><img loading=\"lazy\" decoding=\"async\" width=\"400\" height=\"300\" src=\"https:\/\/visitar.zoodelpirineu.com\/wp-content\/uploads\/2021\/11\/Otus-scops.jpg\" alt=\"\" class=\"wp-image-521\" srcset=\"https:\/\/visitar.zoodelpirineu.com\/wp-content\/uploads\/2021\/11\/Otus-scops.jpg 400w, https:\/\/visitar.zoodelpirineu.com\/wp-content\/uploads\/2021\/11\/Otus-scops-300x225.jpg 300w\" sizes=\"auto, (max-width: 400px) 100vw, 400px\" \/><figcaption class=\"wp-element-caption\">Xot<\/figcaption><\/figure>\n<\/div>\n\n\n\n<div class=\"wp-block-column is-layout-flow wp-block-column-is-layout-flow\">\n<figure class=\"wp-block-image size-full\"><img loading=\"lazy\" decoding=\"async\" width=\"400\" height=\"300\" src=\"https:\/\/visitar.zoodelpirineu.com\/wp-content\/uploads\/2021\/11\/Tortuga-terrestre.jpg\" alt=\"\" class=\"wp-image-524\" srcset=\"https:\/\/visitar.zoodelpirineu.com\/wp-content\/uploads\/2021\/11\/Tortuga-terrestre.jpg 400w, https:\/\/visitar.zoodelpirineu.com\/wp-content\/uploads\/2021\/11\/Tortuga-terrestre-300x225.jpg 300w\" sizes=\"auto, (max-width: 400px) 100vw, 400px\" \/><figcaption class=\"wp-element-caption\">Tortuga mora<\/figcaption><\/figure>\n<\/div>\n<\/div>\n\n\n\n<p class=\"has-base-background-color has-background\">Els animals poden variar lleugerament.<\/p>\n\n\n\n<div style=\"height:50px\" aria-hidden=\"true\" class=\"wp-block-spacer\"><\/div>\n\n\n\n<h2 class=\"wp-block-heading\" id=\"recomanacions\">Recomanacions<\/h2>\n\n\n\n<h3 class=\"wp-block-heading\" id=\"primera-vegada\">Vens per primera vegada?<\/h3>\n\n\n\n<p>Et recomanem participar tamb\u00e9 en la <a href=\"https:\/\/visitar.zoodelpirineu.com\/activitats-amb-animals\/visita-guiada\/\" title=\"Visita guiada\" target=\"_blank\" rel=\"noreferrer noopener\">Visita guiada<\/a>. El Zoo del Pirineu no es pot visitar per lliure. Nom\u00e9s participant en aquesta activitat coneixer\u00e0s a tots els animals que habiten al refugi. Per si de cas tamb\u00e9 et deixem l&#8217;enlla\u00e7 a totes les activitats del Zoo del Pirineu. D&#8217;aquesta manera no se t&#8217;escapar\u00e0 cap.<\/p>\n\n\n\n<div class=\"wp-block-buttons is-layout-flex wp-block-buttons-is-layout-flex\">\n<div class=\"wp-block-button\"><a class=\"wp-block-button__link wp-element-button\" href=\"https:\/\/visitar.zoodelpirineu.com\/activitats-amb-animals\/\" target=\"_blank\" rel=\"noreferrer noopener\">Totes les activitats del Zoo del Pirineu<\/a><\/div>\n<\/div>\n\n\n\n<div style=\"height:50px\" aria-hidden=\"true\" class=\"wp-block-spacer\"><\/div>\n\n\n\n<h3 class=\"wp-block-heading\" id=\"privada\">Vols una experi\u00e8ncia amb animals m\u00e9s intensa?<\/h3>\n\n\n\n<p>T&#8217;interessa con\u00e8ixer de primera m\u00e0 tamb\u00e9 altres animals i tenir una atenci\u00f3 al 100% personalitzada? En aquest cas, fes una ullada a l\u2019<a href=\"https:\/\/visitar.zoodelpirineu.com\/activitats-amb-animals\/experiencia-animal\/\" target=\"_blank\" rel=\"noreferrer noopener\" title=\"Experi\u00e8ncia animal\">Experi\u00e8ncia animal<\/a>. Estem segurs que t&#8217;encantar\u00e0!<\/p>\n\n\n\n<div class=\"wp-block-cover\"><span aria-hidden=\"true\" class=\"wp-block-cover__background has-background-dim-0 has-background-dim\"><\/span><img loading=\"lazy\" decoding=\"async\" width=\"1920\" height=\"600\" class=\"wp-block-cover__image-background wp-image-549\" alt=\"\" src=\"https:\/\/visitar.zoodelpirineu.com\/wp-content\/uploads\/2021\/11\/Alimentar-tortuga.jpg\" data-object-fit=\"cover\" srcset=\"https:\/\/visitar.zoodelpirineu.com\/wp-content\/uploads\/2021\/11\/Alimentar-tortuga.jpg 1920w, https:\/\/visitar.zoodelpirineu.com\/wp-content\/uploads\/2021\/11\/Alimentar-tortuga-300x94.jpg 300w, https:\/\/visitar.zoodelpirineu.com\/wp-content\/uploads\/2021\/11\/Alimentar-tortuga-1024x320.jpg 1024w, https:\/\/visitar.zoodelpirineu.com\/wp-content\/uploads\/2021\/11\/Alimentar-tortuga-768x240.jpg 768w, https:\/\/visitar.zoodelpirineu.com\/wp-content\/uploads\/2021\/11\/Alimentar-tortuga-1536x480.jpg 1536w\" sizes=\"auto, (max-width: 1920px) 100vw, 1920px\" \/><div class=\"wp-block-cover__inner-container is-layout-flow wp-block-cover-is-layout-flow\">\n<p class=\"has-text-align-center has-large-font-size\"><\/p>\n<\/div><\/div>\n\n\n\n<div style=\"height:50px\" aria-hidden=\"true\" class=\"wp-block-spacer\"><\/div>\n\n\n\n<h2 class=\"wp-block-heading\" id=\"planificacio\">Planificaci\u00f3 del Toca toca<\/h2>\n\n\n\n<h3 class=\"wp-block-heading\" id=\"calendari\">Calendari<\/h3>\n\n\n\n<p>El Toca toca es fa tots els dies de l\u2019any. No obstant, la reserva pr\u00e8via \u00e9s obligat\u00f2ria. <a href=\"https:\/\/visitar.zoodelpirineu.com\/venda-entrades\/venda\" target=\"_blank\" rel=\"noreferrer noopener\">Compra la teva entrada en l\u00ednia<\/a> (es pot fer el mateix dia de la teva visita). I millor no t\u2019adormis! Nom\u00e9s hi ha <strong>25&nbsp;places disponibles per sessi\u00f3.<\/strong><\/p>\n\n\n\n<p>Si tens problemes amb la compra en l\u00ednia, si us plau <a href=\"https:\/\/visitar.zoodelpirineu.com\/contacte\/\" target=\"_blank\" rel=\"noreferrer noopener\" title=\"Contacte\">contacta amb nosaltres<\/a>. T&#8217;ajudarem encantats!<\/p>\n\n\n\n<h3 class=\"wp-block-heading\" id=\"horari\">Horari<\/h3>\n\n\n\n<p>L\u2019activitat Toca toca t\u00e9 una durada d&#8217;entre 45 minuts i 1 hora. <strong>Es fa cada dia diverses vegades<\/strong>, per\u00f2 sempre hi participen les mateixes esp\u00e8cies d\u2019animals. Aqu\u00ed pots consultar <a href=\"https:\/\/visitar.zoodelpirineu.com\/horari\/\" target=\"_blank\" rel=\"noreferrer noopener\" title=\"Horari\">l\u2019horari<\/a> actual de totes les activitats del nostre refugi.<\/p>\n\n\n\n<p>En cas de mal temps el Toca toca es fa a l\u2019interior. Tot i aix\u00f2, si vols cancel\u00b7lar la teva reserva a causa de la previsi\u00f3 de mal temps ho pots fer. Aqu\u00ed trobar\u00e0s la informaci\u00f3 completa: <a href=\"https:\/\/visitar.zoodelpirineu.com\/devolucions-i-canvi-dia\/\" target=\"_blank\" rel=\"noreferrer noopener\" title=\"Devolucions i canvi de dia\">Devolucions i canvi de dia<\/a><\/p>\n\n\n\n<h3 class=\"wp-block-heading\" id=\"preu\">Preu<\/h3>\n\n\n\n<ul class=\"wp-block-list\">\n<li>Compra en l\u00ednia: 9\u20ac per persona<\/li>\n\n\n\n<li>Compra a la taquilla del parc: 10\u20ac per persona<\/li>\n<\/ul>\n\n\n\n<p>Els nens i nenes de fins a tres anys tenen&nbsp;<strong>l\u2019entrada gratu\u00efta.&nbsp;<\/strong>Per\u00f2 \u00e9s imprescindible que vagin acompanyats d\u2019un dels pares. Aquest s\u00ed haur\u00e0 de pagar l\u2019entrada al Toca toca.<\/p>\n\n\n\n<div style=\"height:50px\" aria-hidden=\"true\" class=\"wp-block-spacer\"><\/div>\n\n\n\n<h2 class=\"wp-block-heading\" id=\"edat\">Edat per participar al Toca toca<\/h2>\n\n\n\n<h3 class=\"wp-block-heading\" id=\"adults\">\u00c9s una activitat per adults?<\/h3>\n\n\n\n<div class=\"wp-block-columns are-vertically-aligned-center is-layout-flex wp-container-core-columns-is-layout-9d6595d7 wp-block-columns-is-layout-flex\">\n<div class=\"wp-block-column is-vertically-aligned-center is-layout-flow wp-block-column-is-layout-flow\" style=\"flex-basis:33.33%\">\n<figure class=\"wp-block-image size-full\"><img loading=\"lazy\" decoding=\"async\" width=\"800\" height=\"600\" src=\"https:\/\/visitar.zoodelpirineu.com\/wp-content\/uploads\/2021\/11\/Toca-toca-adults.jpg\" alt=\"\" class=\"wp-image-546\" srcset=\"https:\/\/visitar.zoodelpirineu.com\/wp-content\/uploads\/2021\/11\/Toca-toca-adults.jpg 800w, https:\/\/visitar.zoodelpirineu.com\/wp-content\/uploads\/2021\/11\/Toca-toca-adults-300x225.jpg 300w, https:\/\/visitar.zoodelpirineu.com\/wp-content\/uploads\/2021\/11\/Toca-toca-adults-768x576.jpg 768w\" sizes=\"auto, (max-width: 800px) 100vw, 800px\" \/><\/figure>\n<\/div>\n\n\n\n<div class=\"wp-block-column is-vertically-aligned-center is-layout-flow wp-block-column-is-layout-flow\" style=\"flex-basis:66.66%\">\n<p><strong>El Toca toca \u00e9s per a tothom<\/strong>&nbsp;qui vulgui entrar en contacte directe amb els animals. Les explicacions que fem de cada animal s\u00f3n per fer reflexionar a grans i petits. A m\u00e9s ens encanta que participis amb les teves opinions.&nbsp;<strong>Les explicacions s\u2019adapten al p\u00fablic<\/strong>&nbsp;que tenim: si hi ha molts nens les fem f\u00e0cils d\u2019entendre i si hi participen adults aprofundim en les explicacions.<\/p>\n\n\n\n<p>Evidentment, sempre responem a totes les preguntes que tinguis sobre els animals!<\/p>\n<\/div>\n<\/div>\n\n\n\n<div style=\"height:50px\" aria-hidden=\"true\" id=\"infants\" class=\"wp-block-spacer\"><\/div>\n\n\n\n<h3 class=\"wp-block-heading\" id=\"es-una-activitat-adient-per-les-families-amb-nens-de-menys-de-tres-anys\">\u00c9s una activitat adient per les fam\u00edlies amb nens de menys de tres anys?<\/h3>\n\n\n\n<div class=\"wp-block-columns are-vertically-aligned-center is-layout-flex wp-container-core-columns-is-layout-9d6595d7 wp-block-columns-is-layout-flex\">\n<div class=\"wp-block-column is-vertically-aligned-center is-layout-flow wp-block-column-is-layout-flow\" style=\"flex-basis:33.33%\">\n<figure class=\"wp-block-image size-full\"><img loading=\"lazy\" decoding=\"async\" width=\"800\" height=\"600\" src=\"https:\/\/visitar.zoodelpirineu.com\/wp-content\/uploads\/2021\/11\/Toca-toca-amb-infants.jpg\" alt=\"\" class=\"wp-image-543\" srcset=\"https:\/\/visitar.zoodelpirineu.com\/wp-content\/uploads\/2021\/11\/Toca-toca-amb-infants.jpg 800w, https:\/\/visitar.zoodelpirineu.com\/wp-content\/uploads\/2021\/11\/Toca-toca-amb-infants-300x225.jpg 300w, https:\/\/visitar.zoodelpirineu.com\/wp-content\/uploads\/2021\/11\/Toca-toca-amb-infants-768x576.jpg 768w\" sizes=\"auto, (max-width: 800px) 100vw, 800px\" \/><\/figure>\n<\/div>\n\n\n\n<div class=\"wp-block-column is-vertically-aligned-center is-layout-flow wp-block-column-is-layout-flow\" style=\"flex-basis:66.66%\">\n<p>S\u00ed. El Toca toca el recomanem per les fam\u00edlies amb infants. Les altres activitats del zoo podrien ser una mica massa exigents pels menuts. I fins i tot alguns animals grans els podrien fer por. El <strong>Toca toca \u00e9s ideal pel primer contacte<\/strong> dels petits amb fauna aut\u00f2ctona.<\/p>\n\n\n\n<p>Els nens fins a tres anys&nbsp;<strong>no paguen l\u2019entrada<\/strong>, per\u00f2 han d\u2019anar&nbsp;<strong>acompanyats<\/strong>&nbsp;<strong>d\u2019un dels pares<\/strong>, que s\u00ed necessita una entrada a l\u2019activitat. Els pares us heu d\u2019encarregar del respecte que ha de tenir el nen\/la nena envers als nostres animals: que la manera de tocar-los sigui la correcta, la d\u2019alimentar-los, etc.<\/p>\n\n\n\n<p>Malgrat aix\u00f2, si penses que el teu fill\/a <strong>no aguantar\u00e0 tranquil\/a 1 hora<\/strong>, no recomanem aquesta activitat. Els nostres animals necessiten calma per sentir-se b\u00e9. Espera uns mesos i veniu quan els peques siguin m\u00e9s grans. <\/p>\n\n\n\n<p>Alternativament, si vols venir amb els petits per\u00f2 no saps si aguantaran, podeu visitar-nos els dies entre setmana, quan no tenim molta aflu\u00e8ncia de visitants. En aquest cas ens podrem adaptar a les necessitats de la teva fam\u00edlia.<\/p>\n<\/div>\n<\/div>\n\n\n\n<div style=\"height:50px\" aria-hidden=\"true\" id=\"3-anys\" class=\"wp-block-spacer\"><\/div>\n\n\n\n<h3 class=\"wp-block-heading\" id=\"com-funciona-el-toca-toca-si-els-meus-fills-les-meves-filles-tenen-tres-anys-o-mes\">Com funciona el Toca toca si els meus fills \/ les meves filles tenen tres anys o m\u00e9s?<\/h3>\n\n\n\n<div class=\"wp-block-columns are-vertically-aligned-center is-layout-flex wp-container-core-columns-is-layout-9d6595d7 wp-block-columns-is-layout-flex\">\n<div class=\"wp-block-column is-vertically-aligned-center is-layout-flow wp-block-column-is-layout-flow\" style=\"flex-basis:33.33%\"><div class=\"wp-block-image\">\n<figure class=\"aligncenter size-full\"><img loading=\"lazy\" decoding=\"async\" width=\"800\" height=\"600\" src=\"https:\/\/visitar.zoodelpirineu.com\/wp-content\/uploads\/2021\/11\/Activitat-en-familia.jpg\" alt=\"Toca toca en fam\u00edlia\" class=\"wp-image-540\" srcset=\"https:\/\/visitar.zoodelpirineu.com\/wp-content\/uploads\/2021\/11\/Activitat-en-familia.jpg 800w, https:\/\/visitar.zoodelpirineu.com\/wp-content\/uploads\/2021\/11\/Activitat-en-familia-300x225.jpg 300w, https:\/\/visitar.zoodelpirineu.com\/wp-content\/uploads\/2021\/11\/Activitat-en-familia-768x576.jpg 768w\" sizes=\"auto, (max-width: 800px) 100vw, 800px\" \/><\/figure>\n<\/div><\/div>\n\n\n\n<div class=\"wp-block-column is-vertically-aligned-center is-layout-flow wp-block-column-is-layout-flow\" style=\"flex-basis:66.66%\">\n<p>Els nens\/es de m\u00e9s de tres anys paguen l\u2019entrada al Toca toca. Els pares podeu decidir si voleu entrar tamb\u00e9 (pagant l\u2019entrada) o no. <\/p>\n\n\n\n<p>Sovint els pares participen perqu\u00e8 volen passar temps de qualitat amb els teus fills. A m\u00e9s \u00e9s important demostrar als joves que a nosaltres, als adults, ens importa la protecci\u00f3 del animals.<\/p>\n\n\n\n<p>A vegades els pares participen pel simple fet que el\/la nen\/a es sent m\u00e9s c\u00f2mode estant acompanyat\/da pels seus familiars.<\/p>\n<\/div>\n<\/div>\n\n\n\n<div class=\"wp-block-columns are-vertically-aligned-center is-layout-flex wp-container-core-columns-is-layout-9d6595d7 wp-block-columns-is-layout-flex\">\n<div class=\"wp-block-column is-vertically-aligned-center is-layout-flow wp-block-column-is-layout-flow\" style=\"flex-basis:33.33%\"><div class=\"wp-block-image\">\n<figure class=\"aligncenter size-full is-resized\"><img loading=\"lazy\" decoding=\"async\" src=\"https:\/\/visitar.zoodelpirineu.com\/wp-content\/uploads\/2021\/11\/Toca-toca.jpg\" alt=\"Toca toca\" class=\"wp-image-532\" width=\"343\" height=\"257\" srcset=\"https:\/\/visitar.zoodelpirineu.com\/wp-content\/uploads\/2021\/11\/Toca-toca.jpg 800w, https:\/\/visitar.zoodelpirineu.com\/wp-content\/uploads\/2021\/11\/Toca-toca-300x225.jpg 300w, https:\/\/visitar.zoodelpirineu.com\/wp-content\/uploads\/2021\/11\/Toca-toca-768x576.jpg 768w\" sizes=\"auto, (max-width: 343px) 100vw, 343px\" \/><\/figure>\n<\/div><\/div>\n\n\n\n<div class=\"wp-block-column is-vertically-aligned-center is-layout-flow wp-block-column-is-layout-flow\" style=\"flex-basis:66.66%\">\n<p>Els pares que <strong>no volen participar<\/strong> a l\u2019activitat s\u2019han de quedar a fora del recinte del Toca toca. L\u2019espai \u00e9s redu\u00eft i volem garantir la comoditat dels participants i dels animals. <\/p>\n\n\n\n<p>Per\u00f2 no et preocupis!<br><strong>Estar\u00e0s just al davant<\/strong>. Podr\u00e0s escoltar, fer fotografies i observar com el teu petit\/a gaudeix d&#8217;explorar una part for\u00e7a desconeguda del nostre entorn: els animals salvatges.<\/p>\n<\/div>\n<\/div>\n\n\n\n<div style=\"height:25px\" aria-hidden=\"true\" class=\"wp-block-spacer\"><\/div>\n\n\n\n<div class=\"wp-block-cover is-light has-custom-content-position is-position-bottom-right\"><span aria-hidden=\"true\" class=\"wp-block-cover__background has-background-dim-30 has-background-dim\"><\/span><img loading=\"lazy\" decoding=\"async\" width=\"1920\" height=\"600\" class=\"wp-block-cover__image-background wp-image-535\" alt=\"\" src=\"https:\/\/visitar.zoodelpirineu.com\/wp-content\/uploads\/2021\/11\/Oliba-2.jpg\" data-object-fit=\"cover\" srcset=\"https:\/\/visitar.zoodelpirineu.com\/wp-content\/uploads\/2021\/11\/Oliba-2.jpg 1920w, https:\/\/visitar.zoodelpirineu.com\/wp-content\/uploads\/2021\/11\/Oliba-2-300x94.jpg 300w, https:\/\/visitar.zoodelpirineu.com\/wp-content\/uploads\/2021\/11\/Oliba-2-1024x320.jpg 1024w, https:\/\/visitar.zoodelpirineu.com\/wp-content\/uploads\/2021\/11\/Oliba-2-768x240.jpg 768w, https:\/\/visitar.zoodelpirineu.com\/wp-content\/uploads\/2021\/11\/Oliba-2-1536x480.jpg 1536w\" sizes=\"auto, (max-width: 1920px) 100vw, 1920px\" \/><div class=\"wp-block-cover__inner-container is-layout-flow wp-block-cover-is-layout-flow\">\n<p class=\"has-text-align-right has-base-3-color has-text-color has-medium-font-size\">Apr\u00e8n d\u2019una manera entretinguda sobre la fauna salvatge de Catalunya.<br>L&#8217;activitat Toca toca \u00e9s ideal per a totes les edats.<br>Mai \u00e9s massa d&#8217;hora o massa tard per aprendre sobre la fauna salvatge del nostre pa\u00eds.<\/p>\n\n\n\n<div class=\"wp-block-buttons is-horizontal is-content-justification-right is-layout-flex wp-container-core-buttons-is-layout-ae2fe186 wp-block-buttons-is-layout-flex\">\n<div class=\"wp-block-button\"><a class=\"wp-block-button__link wp-element-button\" href=\"https:\/\/visitar.zoodelpirineu.com\/venda-entrades\/venda\" target=\"_blank\" rel=\"noreferrer noopener\">Reserva la teva pla\u00e7a avui mateix<\/a><\/div>\n<\/div>\n<\/div><\/div>\n\n\n\n<p><\/p>\n","protected":false},"excerpt":{"rendered":"<p>Animals que coneixer\u00e0s durant el Toca toca Els animals poden variar lleugerament. Recomanacions Vens per primera vegada? Et recomanem participar tamb\u00e9 en la Visita guiada. El Zoo del Pirineu no es pot visitar per lliure. Nom\u00e9s participant en aquesta activitat coneixer\u00e0s a tots els animals que habiten al refugi. Per si de cas tamb\u00e9 et &#8230; <a title=\"Toca toca amb animals salvatges\" class=\"read-more\" href=\"https:\/\/visitar.zoodelpirineu.com\/ca\/activitats-amb-animals\/toca-toca-amb-animals-salvatges\/\" aria-label=\"M\u00e9s informaci\u00f3 sobre Toca toca amb animals salvatges\">Read more<\/a><\/p>\n","protected":false},"author":1,"featured_media":0,"parent":2,"menu_order":0,"comment_status":"closed","ping_status":"closed","template":"","meta":{"_monsterinsights_skip_tracking":false,"_monsterinsights_sitenote_active":false,"_monsterinsights_sitenote_note":"","_monsterinsights_sitenote_category":0,"footnotes":""},"class_list":{"0":"post-399","1":"page","2":"type-page","3":"status-publish","5":"infinite-scroll-item"},"aioseo_notices":[],"_links":{"self":[{"href":"https:\/\/visitar.zoodelpirineu.com\/ca\/wp-json\/wp\/v2\/pages\/399","targetHints":{"allow":["GET"]}}],"collection":[{"href":"https:\/\/visitar.zoodelpirineu.com\/ca\/wp-json\/wp\/v2\/pages"}],"about":[{"href":"https:\/\/visitar.zoodelpirineu.com\/ca\/wp-json\/wp\/v2\/types\/page"}],"author":[{"embeddable":true,"href":"https:\/\/visitar.zoodelpirineu.com\/ca\/wp-json\/wp\/v2\/users\/1"}],"replies":[{"embeddable":true,"href":"https:\/\/visitar.zoodelpirineu.com\/ca\/wp-json\/wp\/v2\/comments?post=399"}],"version-history":[{"count":24,"href":"https:\/\/visitar.zoodelpirineu.com\/ca\/wp-json\/wp\/v2\/pages\/399\/revisions"}],"predecessor-version":[{"id":4111,"href":"https:\/\/visitar.zoodelpirineu.com\/ca\/wp-json\/wp\/v2\/pages\/399\/revisions\/4111"}],"up":[{"embeddable":true,"href":"https:\/\/visitar.zoodelpirineu.com\/ca\/wp-json\/wp\/v2\/pages\/2"}],"wp:attachment":[{"href":"https:\/\/visitar.zoodelpirineu.com\/ca\/wp-json\/wp\/v2\/media?parent=399"}],"curies":[{"name":"wp","href":"https:\/\/api.w.org\/{rel}","templated":true}]}}